{"id":919,"date":"2024-05-04T16:42:45","date_gmt":"2024-05-04T16:42:45","guid":{"rendered":"https:\/\/www.curalab.polimi.it\/?page_id=919"},"modified":"2025-04-15T13:13:11","modified_gmt":"2025-04-15T13:13:11","slug":"collaborative-research-urban-co-production-and-inclusive-planning-in-marginalised-contexts","status":"publish","type":"page","link":"https:\/\/www.curalab.polimi.it\/?page_id=919","title":{"rendered":"collaborative research &#8211; Urban co-production and inclusive planning in marginalised contexts"},"content":{"rendered":"\t\t<div data-elementor-type=\"wp-page\" data-elementor-id=\"919\" class=\"elementor elementor-919\">\n\t\t\t\t<div class=\"elementor-element elementor-element-3036d32 elementor-hidden-desktop e-flex e-con-boxed e-con e-parent\" data-id=\"3036d32\" data-element_type=\"container\" data-e-type=\"container\">\n\t\t\t\t\t<div class=\"e-con-inner\">\n\t\t\t\t<div class=\"elementor-element elementor-element-ec2184e elementor-widget__width-initial elementor-widget elementor-widget-text-editor\" data-id=\"ec2184e\" data-element_type=\"widget\" data-e-type=\"widget\" data-widget_type=\"text-editor.default\">\n\t\t\t\t<div class=\"elementor-widget-container\">\n\t\t\t\t\t\t\t\t\t<p><strong><span style=\"color: #2d282a;\">Urban co-production and inclusive planning in marginalised contexts.<br \/>Are Living Labs and the University capable of enhancing the active citizenship of fragile inhabitants?<\/span><\/strong><\/p>\t\t\t\t\t\t\t\t<\/div>\n\t\t\t\t<\/div>\n\t\t\t\t\t<\/div>\n\t\t\t\t<\/div>\n\t\t<div class=\"elementor-element elementor-element-a94fbb5 e-grid elementor-hidden-tablet elementor-hidden-mobile elementor-hidden-laptop e-con-boxed e-con e-parent\" data-id=\"a94fbb5\" data-element_type=\"container\" data-e-type=\"container\">\n\t\t\t\t\t<div class=\"e-con-inner\">\n\t\t<div class=\"elementor-element elementor-element-cbd9dce e-con-full e-flex e-con e-child\" data-id=\"cbd9dce\" data-element_type=\"container\" data-e-type=\"container\">\n\t\t\t\t<div class=\"elementor-element elementor-element-4e205b7 elementor-widget__width-initial elementor-widget elementor-widget-text-editor\" data-id=\"4e205b7\" data-element_type=\"widget\" data-e-type=\"widget\" data-widget_type=\"text-editor.default\">\n\t\t\t\t<div class=\"elementor-widget-container\">\n\t\t\t\t\t\t\t\t\t<p><strong><span style=\"color: #2d282a;\">Urban co-production and inclusive planning in marginalised contexts.<br \/>Are Living Labs and the University capable of enhancing the active citizenship of fragile inhabitants?<\/span><\/strong><\/p>\t\t\t\t\t\t\t\t<\/div>\n\t\t\t\t<\/div>\n\t\t\t\t<div class=\"elementor-element elementor-element-5002608 elementor-widget__width-initial elementor-widget elementor-widget-text-editor\" data-id=\"5002608\" data-element_type=\"widget\" data-e-type=\"widget\" data-widget_type=\"text-editor.default\">\n\t\t\t\t<div class=\"elementor-widget-container\">\n\t\t\t\t\t\t\t\t\t<p><span style=\"color: #2d282a;\">Ricerca finanziata nell\u2019ambito di: PRIN PNRR Bando 2022 (CUPD53D230201200001)<br \/><\/span><span style=\"color: #2d282a;\">Partners del progetto: Politecnico di Milano (capofila &#8211; Resp. Scientifico F. Cognetti, DAStU), Politecnico di Torino, Universit\u00e0 La Sapienza Roma.<\/span><\/p><p><span style=\"color: #2d282a;\">La ricerca indaga i limiti e le opportunit\u00e0 dell&#8217;implementazione di spazi di co-produzione ed empowerment in tre territori urbani marginalizzati di Milano, Roma e Torino. Questi spazi urbani, spesso presi tra approcci depoliticizzati e rivendicazioni radicali, condividono la manca di un pieno accesso alla cittadinanza ma anche la presenza di attori sociali impegnati sul territorio. Qui hanno preso forma alcune esperienze di inclusione diretta dei cittadini pi\u00f9 fragili. In un campo cos\u00ec teso, sembra cruciale chiedersi quali strumenti siano pi\u00f9 adatti per una co-produzione efficace e quale ruolo possa svolgere l\u2019accademia. La domanda di ricerca riguarda infatti anche il ruolo dell&#8217;Universit\u00e0 e il suo contributo ad aprire spazi di pianificazione partecipativa e co-produzione a livello locale.<\/span><\/p><p>Il programma del seminario \u00e8 disponibile a questo <strong><span style=\"color: #008080;\"><a style=\"color: #008080;\" href=\"https:\/\/www.curalab.polimi.it\/?page_id=6720\">link<\/a><\/span><\/strong>.\u00a0<\/p>\t\t\t\t\t\t\t\t<\/div>\n\t\t\t\t<\/div>\n\t\t\t\t<\/div>\n\t\t<div class=\"elementor-element elementor-element-64cb4d7 e-con-full e-flex e-con e-child\" data-id=\"64cb4d7\" data-element_type=\"container\" data-e-type=\"container\">\n\t\t\t\t<div class=\"elementor-element elementor-element-13ac251 elementor-widget elementor-widget-image\" data-id=\"13ac251\" data-element_type=\"widget\" data-e-type=\"widget\" data-widget_type=\"image.default\">\n\t\t\t\t<div class=\"elementor-widget-container\">\n\t\t\t\t\t\t\t\t\t\t\t\t\t\t\t<img fetchpriority=\"high\" decoding=\"async\" width=\"2560\" height=\"1704\" src=\"https:\/\/www.curalab.polimi.it\/wp-content\/uploads\/2024\/05\/Prin-Pnrr-scaled.jpg\" class=\"attachment-full size-full wp-image-912\" alt=\"\" srcset=\"https:\/\/www.curalab.polimi.it\/wp-content\/uploads\/2024\/05\/Prin-Pnrr-scaled.jpg 2560w, https:\/\/www.curalab.polimi.it\/wp-content\/uploads\/2024\/05\/Prin-Pnrr-300x200.jpg 300w, https:\/\/www.curalab.polimi.it\/wp-content\/uploads\/2024\/05\/Prin-Pnrr-1024x682.jpg 1024w, https:\/\/www.curalab.polimi.it\/wp-content\/uploads\/2024\/05\/Prin-Pnrr-768x511.jpg 768w, https:\/\/www.curalab.polimi.it\/wp-content\/uploads\/2024\/05\/Prin-Pnrr-1536x1022.jpg 1536w, https:\/\/www.curalab.polimi.it\/wp-content\/uploads\/2024\/05\/Prin-Pnrr-2048x1363.jpg 2048w, https:\/\/www.curalab.polimi.it\/wp-content\/uploads\/2024\/05\/Prin-Pnrr-1200x799.jpg 1200w\" sizes=\"(max-width: 709px) 85vw, (max-width: 909px) 67vw, (max-width: 1362px) 62vw, 840px\" \/>\t\t\t\t\t\t\t\t\t\t\t\t\t\t\t<\/div>\n\t\t\t\t<\/div>\n\t\t\t\t<div class=\"elementor-element elementor-element-eae6ba7 elementor-widget elementor-widget-text-editor\" data-id=\"eae6ba7\" data-element_type=\"widget\" data-e-type=\"widget\" data-widget_type=\"text-editor.default\">\n\t\t\t\t<div class=\"elementor-widget-container\">\n\t\t\t\t\t\t\t\t\t<p style=\"text-align: center;\"><em>Crediti fotografici: Niside Panebianco<\/em><\/p>\t\t\t\t\t\t\t\t<\/div>\n\t\t\t\t<\/div>\n\t\t\t\t<\/div>\n\t\t\t\t\t<\/div>\n\t\t\t\t<\/div>\n\t\t<div class=\"elementor-element elementor-element-1f558a4 elementor-hidden-desktop e-flex e-con-boxed e-con e-parent\" data-id=\"1f558a4\" data-element_type=\"container\" data-e-type=\"container\">\n\t\t\t\t\t<div class=\"e-con-inner\">\n\t\t\t\t<div class=\"elementor-element elementor-element-9c58a11 elementor-widget__width-initial elementor-widget elementor-widget-text-editor\" data-id=\"9c58a11\" data-element_type=\"widget\" data-e-type=\"widget\" data-widget_type=\"text-editor.default\">\n\t\t\t\t<div class=\"elementor-widget-container\">\n\t\t\t\t\t\t\t\t\t<p><span style=\"color: #2d282a;\">Ricerca finanziata nell\u2019ambito di: PRIN PNRR Bando 2022 (CUPD53D230201200001)<\/span><\/p><p><span style=\"color: #2d282a;\">Partners del progetto: Politecnico di Milano (capofila &#8211; Resp. Scientifico F. Cognetti, DAStU), Politecnico di Torino, Universit\u00e0 La Sapienza Roma.<\/span><\/p><p><span style=\"color: #2d282a;\">La ricerca indaga i limiti e le opportunit\u00e0 dell&#8217;implementazione di spazi di co-produzione ed empowerment in tre territori urbani marginalizzati di Milano, Roma e Torino. Questi spazi urbani, spesso presi tra approcci depoliticizzati e rivendicazioni radicali, condividono la manca di un pieno accesso alla cittadinanza ma anche la presenza di attori sociali impegnati sul territorio.<\/span><\/p>\t\t\t\t\t\t\t\t<\/div>\n\t\t\t\t<\/div>\n\t\t\t\t<div class=\"elementor-element elementor-element-da910d7 elementor-widget elementor-widget-text-editor\" data-id=\"da910d7\" data-element_type=\"widget\" data-e-type=\"widget\" data-widget_type=\"text-editor.default\">\n\t\t\t\t<div class=\"elementor-widget-container\">\n\t\t\t\t\t\t\t\t\t<p style=\"text-align: center;\"><em>Crediti fotografici: Niside Panebianco<\/em><\/p>\t\t\t\t\t\t\t\t<\/div>\n\t\t\t\t<\/div>\n\t\t<div class=\"elementor-element elementor-element-388de71 e-con-full e-flex e-con e-child\" data-id=\"388de71\" data-element_type=\"container\" data-e-type=\"container\">\n\t\t\t\t<div class=\"elementor-element elementor-element-764869d elementor-widget elementor-widget-image\" data-id=\"764869d\" data-element_type=\"widget\" data-e-type=\"widget\" data-widget_type=\"image.default\">\n\t\t\t\t<div class=\"elementor-widget-container\">\n\t\t\t\t\t\t\t\t\t\t\t\t\t\t\t<img decoding=\"async\" width=\"768\" height=\"511\" src=\"https:\/\/www.curalab.polimi.it\/wp-content\/uploads\/2024\/05\/Prin-Pnrr-768x511.jpg\" class=\"attachment-medium_large size-medium_large wp-image-912\" alt=\"\" srcset=\"https:\/\/www.curalab.polimi.it\/wp-content\/uploads\/2024\/05\/Prin-Pnrr-768x511.jpg 768w, https:\/\/www.curalab.polimi.it\/wp-content\/uploads\/2024\/05\/Prin-Pnrr-300x200.jpg 300w, https:\/\/www.curalab.polimi.it\/wp-content\/uploads\/2024\/05\/Prin-Pnrr-1024x682.jpg 1024w, https:\/\/www.curalab.polimi.it\/wp-content\/uploads\/2024\/05\/Prin-Pnrr-1536x1022.jpg 1536w, https:\/\/www.curalab.polimi.it\/wp-content\/uploads\/2024\/05\/Prin-Pnrr-2048x1363.jpg 2048w, https:\/\/www.curalab.polimi.it\/wp-content\/uploads\/2024\/05\/Prin-Pnrr-1200x799.jpg 1200w\" sizes=\"(max-width: 768px) 85vw, 768px\" \/>\t\t\t\t\t\t\t\t\t\t\t\t\t\t\t<\/div>\n\t\t\t\t<\/div>\n\t\t\t\t<\/div>\n\t\t\t\t<div class=\"elementor-element elementor-element-700ba5d elementor-widget__width-initial elementor-widget elementor-widget-text-editor\" data-id=\"700ba5d\" data-element_type=\"widget\" data-e-type=\"widget\" data-widget_type=\"text-editor.default\">\n\t\t\t\t<div class=\"elementor-widget-container\">\n\t\t\t\t\t\t\t\t\t<p>Qui hanno preso forma alcune esperienze di inclusione diretta dei cittadini pi\u00f9 fragili. In un campo cos\u00ec teso, sembra cruciale chiedersi quali strumenti siano pi\u00f9 adatti per una co-produzione efficace e quale ruolo possa svolgere l\u2019accademia. La domanda di ricerca riguarda infatti anche il ruolo dell&#8217;Universit\u00e0 e il suo contributo ad aprire spazi di pianificazione partecipativa e co-produzione a livello locale.<\/p><p>Il programma del seminario co-ricerca \u00e8 disponibile a questo <strong><span style=\"color: #008080;\"><a style=\"color: #008080;\" href=\"https:\/\/www.curalab.polimi.it\/?page_id=6720\">link<\/a><\/span><\/strong><\/p>\t\t\t\t\t\t\t\t<\/div>\n\t\t\t\t<\/div>\n\t\t\t\t\t<\/div>\n\t\t\t\t<\/div>\n\t\t\t\t<\/div>\n\t\t","protected":false},"excerpt":{"rendered":"<p>Urban co-production and inclusive planning in marginalised contexts.Are Living Labs and the University capable of enhancing the active citizenship of fragile inhabitants? Urban co-production and inclusive planning in marginalised contexts.Are Living Labs and the University capable of enhancing the active citizenship of fragile inhabitants? Ricerca finanziata nell\u2019ambito di: PRIN PNRR Bando 2022 (CUPD53D230201200001)Partners del progetto: &hellip; <a href=\"https:\/\/www.curalab.polimi.it\/?page_id=919\" class=\"more-link\">Continue reading<span class=\"screen-reader-text\"> &#8220;collaborative research &#8211; Urban co-production and inclusive planning in marginalised contexts&#8221;<\/span><\/a><\/p>\n","protected":false},"author":12,"featured_media":0,"parent":0,"menu_order":0,"comment_status":"closed","ping_status":"closed","template":"elementor_header_footer","meta":{"footnotes":""},"class_list":["post-919","page","type-page","status-publish","hentry"],"yoast_head":"<!-- This site is optimized with the Yoast SEO plugin v27.4 - https:\/\/yoast.com\/product\/yoast-seo-wordpress\/ -->\n<title>collaborative research - Urban co-production and inclusive planning in marginalised contexts - CURA Lab<\/title>\n<meta name=\"robots\" content=\"index, follow, max-snippet:-1, max-image-preview:large, max-video-preview:-1\" \/>\n<link rel=\"canonical\" href=\"https:\/\/www.curalab.polimi.it\/?page_id=919\" \/>\n<meta property=\"og:locale\" content=\"en_US\" \/>\n<meta property=\"og:type\" content=\"article\" \/>\n<meta property=\"og:title\" content=\"collaborative research - Urban co-production and inclusive planning in marginalised contexts - CURA Lab\" \/>\n<meta property=\"og:description\" content=\"Urban co-production and inclusive planning in marginalised contexts.Are Living Labs and the University capable of enhancing the active citizenship of fragile inhabitants? Urban co-production and inclusive planning in marginalised contexts.Are Living Labs and the University capable of enhancing the active citizenship of fragile inhabitants? Ricerca finanziata nell\u2019ambito di: PRIN PNRR Bando 2022 (CUPD53D230201200001)Partners del progetto: &hellip; Continue reading &quot;collaborative research &#8211; Urban co-production and inclusive planning in marginalised contexts&quot;\" \/>\n<meta property=\"og:url\" content=\"https:\/\/www.curalab.polimi.it\/?page_id=919\" \/>\n<meta property=\"og:site_name\" content=\"CURA Lab\" \/>\n<meta property=\"article:modified_time\" content=\"2025-04-15T13:13:11+00:00\" \/>\n<meta property=\"og:image\" content=\"https:\/\/www.curalab.polimi.it\/wp-content\/uploads\/2024\/05\/Prin-Pnrr-scaled.jpg\" \/>\n\t<meta property=\"og:image:width\" content=\"2560\" \/>\n\t<meta property=\"og:image:height\" content=\"1704\" \/>\n\t<meta property=\"og:image:type\" content=\"image\/jpeg\" \/>\n<meta name=\"twitter:card\" content=\"summary_large_image\" \/>\n<meta name=\"twitter:label1\" content=\"Est. reading time\" \/>\n\t<meta name=\"twitter:data1\" content=\"2 minutes\" \/>\n<script type=\"application\/ld+json\" class=\"yoast-schema-graph\">{\"@context\":\"https:\\\/\\\/schema.org\",\"@graph\":[{\"@type\":\"WebPage\",\"@id\":\"https:\\\/\\\/www.curalab.polimi.it\\\/?page_id=919\",\"url\":\"https:\\\/\\\/www.curalab.polimi.it\\\/?page_id=919\",\"name\":\"collaborative research - Urban co-production and inclusive planning in marginalised contexts - CURA Lab\",\"isPartOf\":{\"@id\":\"https:\\\/\\\/www.curalab.polimi.it\\\/#website\"},\"primaryImageOfPage\":{\"@id\":\"https:\\\/\\\/www.curalab.polimi.it\\\/?page_id=919#primaryimage\"},\"image\":{\"@id\":\"https:\\\/\\\/www.curalab.polimi.it\\\/?page_id=919#primaryimage\"},\"thumbnailUrl\":\"http:\\\/\\\/www.curalab.polimi.it\\\/wp-content\\\/uploads\\\/2024\\\/05\\\/Prin-Pnrr-scaled.jpg\",\"datePublished\":\"2024-05-04T16:42:45+00:00\",\"dateModified\":\"2025-04-15T13:13:11+00:00\",\"breadcrumb\":{\"@id\":\"https:\\\/\\\/www.curalab.polimi.it\\\/?page_id=919#breadcrumb\"},\"inLanguage\":\"en-US\",\"potentialAction\":[{\"@type\":\"ReadAction\",\"target\":[\"https:\\\/\\\/www.curalab.polimi.it\\\/?page_id=919\"]}]},{\"@type\":\"ImageObject\",\"inLanguage\":\"en-US\",\"@id\":\"https:\\\/\\\/www.curalab.polimi.it\\\/?page_id=919#primaryimage\",\"url\":\"https:\\\/\\\/www.curalab.polimi.it\\\/wp-content\\\/uploads\\\/2024\\\/05\\\/Prin-Pnrr-scaled.jpg\",\"contentUrl\":\"https:\\\/\\\/www.curalab.polimi.it\\\/wp-content\\\/uploads\\\/2024\\\/05\\\/Prin-Pnrr-scaled.jpg\",\"width\":2560,\"height\":1704},{\"@type\":\"BreadcrumbList\",\"@id\":\"https:\\\/\\\/www.curalab.polimi.it\\\/?page_id=919#breadcrumb\",\"itemListElement\":[{\"@type\":\"ListItem\",\"position\":1,\"name\":\"Home\",\"item\":\"https:\\\/\\\/www.curalab.polimi.it\\\/\"},{\"@type\":\"ListItem\",\"position\":2,\"name\":\"collaborative research &#8211; Urban co-production and inclusive planning in marginalised contexts\"}]},{\"@type\":\"WebSite\",\"@id\":\"https:\\\/\\\/www.curalab.polimi.it\\\/#website\",\"url\":\"https:\\\/\\\/www.curalab.polimi.it\\\/\",\"name\":\"CURA Lab\",\"description\":\"Dipartimento di Architettura e Studi Urbani, Politecnico di Milano -                           Dipartimento di Scienze Umane per la Formazione &quot;Riccardo Massa&quot;,           Universit\u00e0 degli Studi di Milano Bicocca\",\"publisher\":{\"@id\":\"https:\\\/\\\/www.curalab.polimi.it\\\/#organization\"},\"potentialAction\":[{\"@type\":\"SearchAction\",\"target\":{\"@type\":\"EntryPoint\",\"urlTemplate\":\"https:\\\/\\\/www.curalab.polimi.it\\\/?s={search_term_string}\"},\"query-input\":{\"@type\":\"PropertyValueSpecification\",\"valueRequired\":true,\"valueName\":\"search_term_string\"}}],\"inLanguage\":\"en-US\"},{\"@type\":\"Organization\",\"@id\":\"https:\\\/\\\/www.curalab.polimi.it\\\/#organization\",\"name\":\"CURA Lab\",\"url\":\"https:\\\/\\\/www.curalab.polimi.it\\\/\",\"logo\":{\"@type\":\"ImageObject\",\"inLanguage\":\"en-US\",\"@id\":\"https:\\\/\\\/www.curalab.polimi.it\\\/#\\\/schema\\\/logo\\\/image\\\/\",\"url\":\"https:\\\/\\\/www.curalab.polimi.it\\\/wp-content\\\/uploads\\\/2024\\\/07\\\/cropped-logocuralab2.png\",\"contentUrl\":\"https:\\\/\\\/www.curalab.polimi.it\\\/wp-content\\\/uploads\\\/2024\\\/07\\\/cropped-logocuralab2.png\",\"width\":240,\"height\":112,\"caption\":\"CURA Lab\"},\"image\":{\"@id\":\"https:\\\/\\\/www.curalab.polimi.it\\\/#\\\/schema\\\/logo\\\/image\\\/\"}}]}<\/script>\n<!-- \/ Yoast SEO plugin. -->","yoast_head_json":{"title":"collaborative research - Urban co-production and inclusive planning in marginalised contexts - CURA Lab","robots":{"index":"index","follow":"follow","max-snippet":"max-snippet:-1","max-image-preview":"max-image-preview:large","max-video-preview":"max-video-preview:-1"},"canonical":"https:\/\/www.curalab.polimi.it\/?page_id=919","og_locale":"en_US","og_type":"article","og_title":"collaborative research - Urban co-production and inclusive planning in marginalised contexts - CURA Lab","og_description":"Urban co-production and inclusive planning in marginalised contexts.Are Living Labs and the University capable of enhancing the active citizenship of fragile inhabitants? Urban co-production and inclusive planning in marginalised contexts.Are Living Labs and the University capable of enhancing the active citizenship of fragile inhabitants? Ricerca finanziata nell\u2019ambito di: PRIN PNRR Bando 2022 (CUPD53D230201200001)Partners del progetto: &hellip; Continue reading \"collaborative research &#8211; Urban co-production and inclusive planning in marginalised contexts\"","og_url":"https:\/\/www.curalab.polimi.it\/?page_id=919","og_site_name":"CURA Lab","article_modified_time":"2025-04-15T13:13:11+00:00","og_image":[{"width":2560,"height":1704,"url":"https:\/\/www.curalab.polimi.it\/wp-content\/uploads\/2024\/05\/Prin-Pnrr-scaled.jpg","type":"image\/jpeg"}],"twitter_card":"summary_large_image","twitter_misc":{"Est. reading time":"2 minutes"},"schema":{"@context":"https:\/\/schema.org","@graph":[{"@type":"WebPage","@id":"https:\/\/www.curalab.polimi.it\/?page_id=919","url":"https:\/\/www.curalab.polimi.it\/?page_id=919","name":"collaborative research - Urban co-production and inclusive planning in marginalised contexts - CURA Lab","isPartOf":{"@id":"https:\/\/www.curalab.polimi.it\/#website"},"primaryImageOfPage":{"@id":"https:\/\/www.curalab.polimi.it\/?page_id=919#primaryimage"},"image":{"@id":"https:\/\/www.curalab.polimi.it\/?page_id=919#primaryimage"},"thumbnailUrl":"http:\/\/www.curalab.polimi.it\/wp-content\/uploads\/2024\/05\/Prin-Pnrr-scaled.jpg","datePublished":"2024-05-04T16:42:45+00:00","dateModified":"2025-04-15T13:13:11+00:00","breadcrumb":{"@id":"https:\/\/www.curalab.polimi.it\/?page_id=919#breadcrumb"},"inLanguage":"en-US","potentialAction":[{"@type":"ReadAction","target":["https:\/\/www.curalab.polimi.it\/?page_id=919"]}]},{"@type":"ImageObject","inLanguage":"en-US","@id":"https:\/\/www.curalab.polimi.it\/?page_id=919#primaryimage","url":"https:\/\/www.curalab.polimi.it\/wp-content\/uploads\/2024\/05\/Prin-Pnrr-scaled.jpg","contentUrl":"https:\/\/www.curalab.polimi.it\/wp-content\/uploads\/2024\/05\/Prin-Pnrr-scaled.jpg","width":2560,"height":1704},{"@type":"BreadcrumbList","@id":"https:\/\/www.curalab.polimi.it\/?page_id=919#breadcrumb","itemListElement":[{"@type":"ListItem","position":1,"name":"Home","item":"https:\/\/www.curalab.polimi.it\/"},{"@type":"ListItem","position":2,"name":"collaborative research &#8211; Urban co-production and inclusive planning in marginalised contexts"}]},{"@type":"WebSite","@id":"https:\/\/www.curalab.polimi.it\/#website","url":"https:\/\/www.curalab.polimi.it\/","name":"CURA Lab","description":"Dipartimento di Architettura e Studi Urbani, Politecnico di Milano -                           Dipartimento di Scienze Umane per la Formazione &quot;Riccardo Massa&quot;,           Universit\u00e0 degli Studi di Milano Bicocca","publisher":{"@id":"https:\/\/www.curalab.polimi.it\/#organization"},"potentialAction":[{"@type":"SearchAction","target":{"@type":"EntryPoint","urlTemplate":"https:\/\/www.curalab.polimi.it\/?s={search_term_string}"},"query-input":{"@type":"PropertyValueSpecification","valueRequired":true,"valueName":"search_term_string"}}],"inLanguage":"en-US"},{"@type":"Organization","@id":"https:\/\/www.curalab.polimi.it\/#organization","name":"CURA Lab","url":"https:\/\/www.curalab.polimi.it\/","logo":{"@type":"ImageObject","inLanguage":"en-US","@id":"https:\/\/www.curalab.polimi.it\/#\/schema\/logo\/image\/","url":"https:\/\/www.curalab.polimi.it\/wp-content\/uploads\/2024\/07\/cropped-logocuralab2.png","contentUrl":"https:\/\/www.curalab.polimi.it\/wp-content\/uploads\/2024\/07\/cropped-logocuralab2.png","width":240,"height":112,"caption":"CURA Lab"},"image":{"@id":"https:\/\/www.curalab.polimi.it\/#\/schema\/logo\/image\/"}}]}},"_links":{"self":[{"href":"https:\/\/www.curalab.polimi.it\/index.php?rest_route=\/wp\/v2\/pages\/919","targetHints":{"allow":["GET"]}}],"collection":[{"href":"https:\/\/www.curalab.polimi.it\/index.php?rest_route=\/wp\/v2\/pages"}],"about":[{"href":"https:\/\/www.curalab.polimi.it\/index.php?rest_route=\/wp\/v2\/types\/page"}],"author":[{"embeddable":true,"href":"https:\/\/www.curalab.polimi.it\/index.php?rest_route=\/wp\/v2\/users\/12"}],"replies":[{"embeddable":true,"href":"https:\/\/www.curalab.polimi.it\/index.php?rest_route=%2Fwp%2Fv2%2Fcomments&post=919"}],"version-history":[{"count":179,"href":"https:\/\/www.curalab.polimi.it\/index.php?rest_route=\/wp\/v2\/pages\/919\/revisions"}],"predecessor-version":[{"id":6899,"href":"https:\/\/www.curalab.polimi.it\/index.php?rest_route=\/wp\/v2\/pages\/919\/revisions\/6899"}],"wp:attachment":[{"href":"https:\/\/www.curalab.polimi.it\/index.php?rest_route=%2Fwp%2Fv2%2Fmedia&parent=919"}],"curies":[{"name":"wp","href":"https:\/\/api.w.org\/{rel}","templated":true}]}}