{"id":6510,"date":"2025-02-09T15:06:13","date_gmt":"2025-02-09T15:06:13","guid":{"rendered":"https:\/\/www.curalab.polimi.it\/?page_id=6510"},"modified":"2025-02-09T15:10:27","modified_gmt":"2025-02-09T15:10:27","slug":"p","status":"publish","type":"page","link":"https:\/\/www.curalab.polimi.it\/?page_id=6510","title":{"rendered":"OMG! Milano &#8211; Spazio, morfologia e dotazioni materiali"},"content":{"rendered":"\t\t<div data-elementor-type=\"wp-page\" data-elementor-id=\"6510\" class=\"elementor elementor-6510\">\n\t\t\t\t<div class=\"elementor-element elementor-element-b854914 e-flex e-con-boxed e-con e-parent\" data-id=\"b854914\" data-element_type=\"container\" data-e-type=\"container\">\n\t\t\t\t\t<div class=\"e-con-inner\">\n\t\t\t\t<div class=\"elementor-element elementor-element-5be8780 elementor-widget__width-initial elementor-widget elementor-widget-text-editor\" data-id=\"5be8780\" data-element_type=\"widget\" data-e-type=\"widget\" data-widget_type=\"text-editor.default\">\n\t\t\t\t<div class=\"elementor-widget-container\">\n\t\t\t\t\t\t\t\t\t<p><strong>Spazio, morfologia e dotazioni materiali<\/strong><\/p>\t\t\t\t\t\t\t\t<\/div>\n\t\t\t\t<\/div>\n\t\t\t\t\t<\/div>\n\t\t\t\t<\/div>\n\t\t<div class=\"elementor-element elementor-element-bc31994 e-grid e-con-boxed e-con e-parent\" data-id=\"bc31994\" data-element_type=\"container\" data-e-type=\"container\">\n\t\t\t\t\t<div class=\"e-con-inner\">\n\t\t\t\t<div class=\"elementor-element elementor-element-33896fa elementor-widget elementor-widget-text-editor\" data-id=\"33896fa\" data-element_type=\"widget\" data-e-type=\"widget\" data-widget_type=\"text-editor.default\">\n\t\t\t\t<div class=\"elementor-widget-container\">\n\t\t\t\t\t\t\t\t\t<p style=\"padding-left: 40px;\"><em>27 maggio 2022, Note di campo<br \/><\/em>Loreto \u00e8 una grande rotonda circondata da banche. L&#8217;attraverso a piedi seguendone gli attraversamenti pedonali. I semafori rendono l\u2019impresa lenta e faticosa. Loreto \u00e8 uno snodo lungo importanti assi viali: corso Buenos Aires, verso il centro, poi viale Abruzzi verso Piola, via Porpora, via Padova verso Nord, il cosiddetto quartiere NoLo. Fuori fa caldissimo. Vedo biciclette arrancare sull\u2019asfalto lungo piste ciclabili disegnate ai margini della carreggiata. I bar trasmettono musica latinoamericana e sparano aria condizionata per dare sollievo a clienti sudati. Mi siedo a un tavolino, ordino un caff\u00e8 e un bicchiere di acqua gasata con del ghiaccio. Sotto la piazza si intersecano due linee della metropolitana. Un mondo sotterraneo fatto di persone in movimento. Lo percorro cercando l\u2019uscita vicino alla quale ho parcheggiato la moto.<\/p><p>Riporto una nota di campo scritta dopo una delle prime uscite a piazzale Loreto. La nota fa emergere alcuni elementi significativi, rintracciati successivamente nelle parole dei miei interlocutori, come mostrer\u00f2 qui di seguito. <br \/>La piazza rappresenta attualmente un luogo di passaggio scarsamente vivibile, uno snodo tra importanti arterie urbane (viale Monza, via Padova, via Andrea Costa, via Porpora, viale Abruzzi, corso Buenos Aires, via Andrea Doria, viale Brianza), una porta su altri quartieri, primo fra tutti il cosiddetto NoLo (North of Loreto), un\u2019area fino a pochi anni fa considerata marginale e oggi invece al centro di un importante processo di rivalorizzazione.<br \/>Rispetto alle dotazioni e ai servizi, colpisce innanzitutto il numero di banche (almeno sei). Tra gli esercizi commerciali \u00e8 possibile menzionare la presenza di due bar, una farmacia, un fiorista, due edicole, due bancarelle di vestiti, una bancarella che vende libri usati, un grosso bazar, un rivenditore di poltrone e divani, un negozio di prodotti di bellezza. Nelle vie limitrofe, oltre ad alcuni fast-food e altri esercizi commerciali, sono presenti un ufficio postale e un poliambulatorio. In mezzo si trovano un\u2019area verde non accessibile ai pedoni e una rampa che scende verso un parcheggio sotterraneo.<br \/>Tra i palazzi, a livello architettonico vale la pena segnalare il cosiddetto Palazzo di Fuoco, un edificio in stile moderno ubicato tra viale Monza e via Padova, costruito tra il 1959 e il 1962 su progetto dell\u2019architetto Giulio Minoletti e l\u2019ingegnere Giuseppe Chiodi.<br \/>Al di sotto della piazza si intersecano due linee della metropolitana (M1 e M2). La stazione di Loreto si caratterizza per la presenza di diversi tunnel che collegano punti molto distanti tra di loro. In essi trovano sede alcuni esercizi commerciali. Ciononostante, \u00e8 preponderante la presenza di spazi vuoti.<br \/>Danilo , un anziano signore residente da sessant\u2019anni in un appartamento al primo piano di un edificio di via Ricordi, in un\u2019intervista condotta nel mese di giugno 2022, mi elenca i pregi che, dal suo punto di vista, offre la zona a livello di dotazioni: \u201cSe usciamo [di casa] siamo su corso Buenos Aires, ci sono due metropolitane, ci sono i servizi. Anche dal punto di vista sanitario abitiamo molto vicino \u2013 in caso di necessit\u00e0 \u2013 al San Raffaele\u201d .<br \/>Sembra invece pi\u00f9 pessimista un secondo anziano intervistato nel mese di settembre 2022, il quale, come Danilo, riconosce la centralit\u00e0 dell\u2019area, ma, al contrario, focalizzando la sua attenzione specificamente sulla piazza sostiene che: \u201cQuei pochi negozietti o esercizi che c\u2019erano sono tutti [chiusi]&#8230; Aumai [il bazar] \u00e8 un punto di grosso richiamo, ma se lei lo frequenta vede che \u00e8 tutta gente che viene da \u00absotto\u00bb, da NoLo. Io ho questa percezione. Tutti i marciapiedi non hanno negozi. Non c\u2019\u00e8 nulla. Quei pochi che ci sono stanno chiudendo\u201d.<br \/>In generale, tutti gli interlocutori definiscono piazzale Loreto un luogo di passaggio. Mauro e Simona, ad esempio, una giovane coppia trasferitasi in zona nel 2014, dichiarano: \u201c[L\u2019area] secondo me \u00e8 cambiata tanto. Sono nati quei due, tre ristoranti e bar che la rendono una zona pi\u00f9 appetibile. Per\u00f2, dal mio punto di vista, rimane ancora una zona di passaggio. Non \u00e8 un quartiere. Loreto \u00e8 una zona di passaggio. I quartieri sono intorno: il quartiere Casoretto, che ha il suo centro nella chiesa di Casoretto, NoLo, che ha piazza Morbegno, poi c\u2019\u00e8 piazza Aspromonte, a circa duecento metri da casa nostra\u201d (giugno 2022).<br \/>La sensazione che Loreto costituisca un\u2019interfaccia tra diversi quartieri \u00e8 ribadita da un secondo interlocutore, coordinatore di servizi educativi con una sede in via Padova: \u201cCi sono i nuclei storici che [&#8230;] sono quelli di: Turro, Crescenzago, quartieri intorno a cui c\u2019\u00e8 una storia o una memoria. Poi c\u2019\u00e8 via Padova, che comunque \u00e8 una via lineare e che ha una sua identit\u00e0 che \u00e8 plurale, che \u00e8 molto variegata a seconda dello spezzone della via. Dall\u2019altra parte c\u2019\u00e8 NoLo, che per\u00f2 comprende anche via Padova nei fatti, perch\u00e9 sta a Nord\u201d. Poi aggiunge: \u201cSarebbe meglio parlare di quartieri, al plurale, perch\u00e9 le anime e le identit\u00e0 sono diverse. Per\u00f2 credo che tutta questa parte a nord di Loreto, con questi nuclei storici [&#8230;], porta con s\u00e9 una buona propensione al dialogo con le istituzioni, al fare dal basso e a costruire una connessione con l\u2019alto che non \u00e8 cos\u00ec usuale nel resto della citt\u00e0 di Milano\u201d (ottobre 2022).<\/p><p>Altri interlocutori percepiscono invece di stare all\u2019interno del processo di gentrificazione descritto, di esserne parte senza volerlo, non sapendo come chiamarsene fuori. Giovanna, operatrice sociale all\u2019interno di Mosso, da una parte, lavorando in uno spazio riqualificato che attrae popolazione di classe media, si sente un\u2019agente di gentrificazione, dall\u2019altra, comprende come la sua professione si rivolga agli strati pi\u00f9 poveri del quartiere: \u201cE allora, sulla carta, nel senso come intenzioni, ci sarebbe quello di offrire un po\u2019 a tutti. Per ora, in questi tre mesi il pubblico prevalente \u00e8 stato quello della Milano dell\u2019aperitivo. Per\u00f2 forse qualcosa si sta modificando. Nel senso che comunque sono anche processi che&#8230; Hanno bisogno di tempo, di integrazione. E quindi forse qualcosa si modificher\u00e0\u201d (settembre 2022).<\/p>\t\t\t\t\t\t\t\t<\/div>\n\t\t\t\t<\/div>\n\t\t<div class=\"elementor-element elementor-element-323d617 e-con-full e-flex e-con e-child\" data-id=\"323d617\" data-element_type=\"container\" data-e-type=\"container\">\n\t\t\t\t<div class=\"elementor-element elementor-element-5c27f4b elementor-widget elementor-widget-image\" data-id=\"5c27f4b\" data-element_type=\"widget\" data-e-type=\"widget\" data-widget_type=\"image.default\">\n\t\t\t\t<div class=\"elementor-widget-container\">\n\t\t\t\t\t\t\t\t\t\t\t\t\t\t\t<img fetchpriority=\"high\" decoding=\"async\" width=\"799\" height=\"599\" src=\"https:\/\/www.curalab.polimi.it\/wp-content\/uploads\/2024\/10\/matteo-spertini-1.jpg\" class=\"attachment-large size-large wp-image-5786\" alt=\"\" srcset=\"https:\/\/www.curalab.polimi.it\/wp-content\/uploads\/2024\/10\/matteo-spertini-1.jpg 799w, https:\/\/www.curalab.polimi.it\/wp-content\/uploads\/2024\/10\/matteo-spertini-1-300x225.jpg 300w, https:\/\/www.curalab.polimi.it\/wp-content\/uploads\/2024\/10\/matteo-spertini-1-768x576.jpg 768w\" sizes=\"(max-width: 799px) 85vw, 799px\" \/>\t\t\t\t\t\t\t\t\t\t\t\t\t\t\t<\/div>\n\t\t\t\t<\/div>\n\t\t\t\t<div class=\"elementor-element elementor-element-7e72002 elementor-widget elementor-widget-text-editor\" data-id=\"7e72002\" data-element_type=\"widget\" data-e-type=\"widget\" data-widget_type=\"text-editor.default\">\n\t\t\t\t<div class=\"elementor-widget-container\">\n\t\t\t\t\t\t\t\t\t<p style=\"text-align: center;\"><em>Copyright Matteo Spertini<\/em><\/p>\t\t\t\t\t\t\t\t<\/div>\n\t\t\t\t<\/div>\n\t\t\t\t<div class=\"elementor-element elementor-element-0675964 elementor-widget elementor-widget-text-editor\" data-id=\"0675964\" data-element_type=\"widget\" data-e-type=\"widget\" data-widget_type=\"text-editor.default\">\n\t\t\t\t<div class=\"elementor-widget-container\">\n\t\t\t\t\t\t\t\t\t<p>Loreto \u00e8 stato descritto a pi\u00f9 riprese dagli interlocutori come uno spazio brutto e insicuro. La stessa rappresentazione \u00e8 rintracciabile in uno dei tre romanzi dedicati dallo scrittore Ferruccio Parazzoli proprio a questo luogo:<\/p><p style=\"padding-left: 40px;\">I palazzi che circondano e delimitano piazzale Loreto, come le tribune di un Circo Massimo, delimitano l\u2019arena in cui gareggiano le nuove bighe, ferro contro ferro, sono palazzi brutti e senza importanza, anche i due pi\u00f9 nuovi, tutto vetro e alluminio. Che siano brutti \u00e8 pi\u00f9 che giusto, una piazza cos\u00ec o \u00e8 decisamente brutta o non \u00e8 niente (Parazzoli 2006: 26)<\/p><p>Per alcuni residenti di NoLo, Loreto \u00e8 un \u201caltro mondo\u201d, uno spazio da evitare. Da questo punto di vista, il progetto di rigenerazione in atto \u00e8 visto come qualcosa di positivo, che non potr\u00e0 che migliorare l\u2019area. Cos\u00ec, ad esempio, Elena, una ragazza trentenne in procinto di aprire un\u2019attivit\u00e0 commerciale in via Crespi, afferma: \u201c\u00c8 un altro mondo. Piazzale Loreto \u00e8 tutto un altro mondo. [&#8230;] Piazzale Loreto \u00e8 sempre stata brutta, non c\u2019\u00e8 dubbio. Qualunque cosa faranno sar\u00e0 sempre migliorativa\u201d (settembre 2022).<br \/>Infine, da segnalare come piazzale Loreto sia vissuto da molti come uno spazio rumoroso, a causa soprattutto del traffico automobilistico che lo attraversa. Secondo Jos\u00e9, residente in un palazzo che affaccia direttamente sulla piazza, la situazione \u00e8 peggiorata con la chiusura di molti esercizi commerciali nei sottopassi della metropolitana. A suo avviso, si \u00e8 creata in questo modo un\u2019enorme \u201ccassa di risonanza\u201d che ha peggiorato il livello di inquinamento acustico della zona.<\/p><p>(Il testo, elaborato da Paolo Grassi, \u00e8 tratto dal report del progetto \u201cRiqualificazione green di aree urbane dismesse. Un approccio etnografico e comparativo all\u2019analisi e alla realizzazione (2022-2023)\u201d \u2013 fondi PON \u00abRicerca e Innovazione\u00bb 2014-2020 \u2013 Asse IV \u00abIstruzione e ricerca per il recupero\u00bb. Azione IV.6; Dipartimento di Scienze Umane per la Formazione \u201cR. Massa\u201d, Universit\u00e0 degli Studi di Milano-Bicocca).<\/p>\t\t\t\t\t\t\t\t<\/div>\n\t\t\t\t<\/div>\n\t\t\t\t<\/div>\n\t\t\t\t\t<\/div>\n\t\t\t\t<\/div>\n\t\t\t\t<\/div>\n\t\t","protected":false},"excerpt":{"rendered":"<p>Spazio, morfologia e dotazioni materiali 27 maggio 2022, Note di campoLoreto \u00e8 una grande rotonda circondata da banche. L&#8217;attraverso a piedi seguendone gli attraversamenti pedonali. I semafori rendono l\u2019impresa lenta e faticosa. Loreto \u00e8 uno snodo lungo importanti assi viali: corso Buenos Aires, verso il centro, poi viale Abruzzi verso Piola, via Porpora, via Padova &hellip; <a href=\"https:\/\/www.curalab.polimi.it\/?page_id=6510\" class=\"more-link\">Continue reading<span class=\"screen-reader-text\"> &#8220;OMG! Milano &#8211; Spazio, morfologia e dotazioni materiali&#8221;<\/span><\/a><\/p>\n","protected":false},"author":14,"featured_media":0,"parent":0,"menu_order":0,"comment_status":"closed","ping_status":"closed","template":"elementor_header_footer","meta":{"footnotes":""},"class_list":["post-6510","page","type-page","status-publish","hentry"],"yoast_head":"<!-- This site is optimized with the Yoast SEO plugin v27.4 - https:\/\/yoast.com\/product\/yoast-seo-wordpress\/ -->\n<title>OMG! Milano - Spazio, morfologia e dotazioni materiali - CURA Lab<\/title>\n<meta name=\"robots\" content=\"index, follow, max-snippet:-1, max-image-preview:large, max-video-preview:-1\" \/>\n<link rel=\"canonical\" href=\"https:\/\/www.curalab.polimi.it\/?page_id=6510\" \/>\n<meta property=\"og:locale\" content=\"en_US\" \/>\n<meta property=\"og:type\" content=\"article\" \/>\n<meta property=\"og:title\" content=\"OMG! Milano - Spazio, morfologia e dotazioni materiali - CURA Lab\" \/>\n<meta property=\"og:description\" content=\"Spazio, morfologia e dotazioni materiali 27 maggio 2022, Note di campoLoreto \u00e8 una grande rotonda circondata da banche. L&#8217;attraverso a piedi seguendone gli attraversamenti pedonali. I semafori rendono l\u2019impresa lenta e faticosa. Loreto \u00e8 uno snodo lungo importanti assi viali: corso Buenos Aires, verso il centro, poi viale Abruzzi verso Piola, via Porpora, via Padova &hellip; Continue reading &quot;OMG! Milano &#8211; Spazio, morfologia e dotazioni materiali&quot;\" \/>\n<meta property=\"og:url\" content=\"https:\/\/www.curalab.polimi.it\/?page_id=6510\" \/>\n<meta property=\"og:site_name\" content=\"CURA Lab\" \/>\n<meta property=\"article:modified_time\" content=\"2025-02-09T15:10:27+00:00\" \/>\n<meta property=\"og:image\" content=\"https:\/\/www.curalab.polimi.it\/wp-content\/uploads\/2024\/10\/matteo-spertini-1.jpg\" \/>\n\t<meta property=\"og:image:width\" content=\"799\" \/>\n\t<meta property=\"og:image:height\" content=\"599\" \/>\n\t<meta property=\"og:image:type\" content=\"image\/jpeg\" \/>\n<meta name=\"twitter:card\" content=\"summary_large_image\" \/>\n<meta name=\"twitter:label1\" content=\"Est. reading time\" \/>\n\t<meta name=\"twitter:data1\" content=\"6 minutes\" \/>\n<script type=\"application\/ld+json\" class=\"yoast-schema-graph\">{\"@context\":\"https:\\\/\\\/schema.org\",\"@graph\":[{\"@type\":\"WebPage\",\"@id\":\"https:\\\/\\\/www.curalab.polimi.it\\\/?page_id=6510\",\"url\":\"https:\\\/\\\/www.curalab.polimi.it\\\/?page_id=6510\",\"name\":\"OMG! Milano - Spazio, morfologia e dotazioni materiali - CURA Lab\",\"isPartOf\":{\"@id\":\"https:\\\/\\\/www.curalab.polimi.it\\\/#website\"},\"primaryImageOfPage\":{\"@id\":\"https:\\\/\\\/www.curalab.polimi.it\\\/?page_id=6510#primaryimage\"},\"image\":{\"@id\":\"https:\\\/\\\/www.curalab.polimi.it\\\/?page_id=6510#primaryimage\"},\"thumbnailUrl\":\"http:\\\/\\\/www.curalab.polimi.it\\\/wp-content\\\/uploads\\\/2024\\\/10\\\/matteo-spertini-1.jpg\",\"datePublished\":\"2025-02-09T15:06:13+00:00\",\"dateModified\":\"2025-02-09T15:10:27+00:00\",\"breadcrumb\":{\"@id\":\"https:\\\/\\\/www.curalab.polimi.it\\\/?page_id=6510#breadcrumb\"},\"inLanguage\":\"en-US\",\"potentialAction\":[{\"@type\":\"ReadAction\",\"target\":[\"https:\\\/\\\/www.curalab.polimi.it\\\/?page_id=6510\"]}]},{\"@type\":\"ImageObject\",\"inLanguage\":\"en-US\",\"@id\":\"https:\\\/\\\/www.curalab.polimi.it\\\/?page_id=6510#primaryimage\",\"url\":\"https:\\\/\\\/www.curalab.polimi.it\\\/wp-content\\\/uploads\\\/2024\\\/10\\\/matteo-spertini-1.jpg\",\"contentUrl\":\"https:\\\/\\\/www.curalab.polimi.it\\\/wp-content\\\/uploads\\\/2024\\\/10\\\/matteo-spertini-1.jpg\",\"width\":799,\"height\":599},{\"@type\":\"BreadcrumbList\",\"@id\":\"https:\\\/\\\/www.curalab.polimi.it\\\/?page_id=6510#breadcrumb\",\"itemListElement\":[{\"@type\":\"ListItem\",\"position\":1,\"name\":\"Home\",\"item\":\"https:\\\/\\\/www.curalab.polimi.it\\\/\"},{\"@type\":\"ListItem\",\"position\":2,\"name\":\"OMG! Milano &#8211; Spazio, morfologia e dotazioni materiali\"}]},{\"@type\":\"WebSite\",\"@id\":\"https:\\\/\\\/www.curalab.polimi.it\\\/#website\",\"url\":\"https:\\\/\\\/www.curalab.polimi.it\\\/\",\"name\":\"CURA Lab\",\"description\":\"Dipartimento di Architettura e Studi Urbani, Politecnico di Milano -                           Dipartimento di Scienze Umane per la Formazione &quot;Riccardo Massa&quot;,           Universit\u00e0 degli Studi di Milano Bicocca\",\"publisher\":{\"@id\":\"https:\\\/\\\/www.curalab.polimi.it\\\/#organization\"},\"potentialAction\":[{\"@type\":\"SearchAction\",\"target\":{\"@type\":\"EntryPoint\",\"urlTemplate\":\"https:\\\/\\\/www.curalab.polimi.it\\\/?s={search_term_string}\"},\"query-input\":{\"@type\":\"PropertyValueSpecification\",\"valueRequired\":true,\"valueName\":\"search_term_string\"}}],\"inLanguage\":\"en-US\"},{\"@type\":\"Organization\",\"@id\":\"https:\\\/\\\/www.curalab.polimi.it\\\/#organization\",\"name\":\"CURA Lab\",\"url\":\"https:\\\/\\\/www.curalab.polimi.it\\\/\",\"logo\":{\"@type\":\"ImageObject\",\"inLanguage\":\"en-US\",\"@id\":\"https:\\\/\\\/www.curalab.polimi.it\\\/#\\\/schema\\\/logo\\\/image\\\/\",\"url\":\"https:\\\/\\\/www.curalab.polimi.it\\\/wp-content\\\/uploads\\\/2024\\\/07\\\/cropped-logocuralab2.png\",\"contentUrl\":\"https:\\\/\\\/www.curalab.polimi.it\\\/wp-content\\\/uploads\\\/2024\\\/07\\\/cropped-logocuralab2.png\",\"width\":240,\"height\":112,\"caption\":\"CURA Lab\"},\"image\":{\"@id\":\"https:\\\/\\\/www.curalab.polimi.it\\\/#\\\/schema\\\/logo\\\/image\\\/\"}}]}<\/script>\n<!-- \/ Yoast SEO plugin. -->","yoast_head_json":{"title":"OMG! Milano - Spazio, morfologia e dotazioni materiali - CURA Lab","robots":{"index":"index","follow":"follow","max-snippet":"max-snippet:-1","max-image-preview":"max-image-preview:large","max-video-preview":"max-video-preview:-1"},"canonical":"https:\/\/www.curalab.polimi.it\/?page_id=6510","og_locale":"en_US","og_type":"article","og_title":"OMG! Milano - Spazio, morfologia e dotazioni materiali - CURA Lab","og_description":"Spazio, morfologia e dotazioni materiali 27 maggio 2022, Note di campoLoreto \u00e8 una grande rotonda circondata da banche. L&#8217;attraverso a piedi seguendone gli attraversamenti pedonali. I semafori rendono l\u2019impresa lenta e faticosa. Loreto \u00e8 uno snodo lungo importanti assi viali: corso Buenos Aires, verso il centro, poi viale Abruzzi verso Piola, via Porpora, via Padova &hellip; Continue reading \"OMG! Milano &#8211; Spazio, morfologia e dotazioni materiali\"","og_url":"https:\/\/www.curalab.polimi.it\/?page_id=6510","og_site_name":"CURA Lab","article_modified_time":"2025-02-09T15:10:27+00:00","og_image":[{"width":799,"height":599,"url":"https:\/\/www.curalab.polimi.it\/wp-content\/uploads\/2024\/10\/matteo-spertini-1.jpg","type":"image\/jpeg"}],"twitter_card":"summary_large_image","twitter_misc":{"Est. reading time":"6 minutes"},"schema":{"@context":"https:\/\/schema.org","@graph":[{"@type":"WebPage","@id":"https:\/\/www.curalab.polimi.it\/?page_id=6510","url":"https:\/\/www.curalab.polimi.it\/?page_id=6510","name":"OMG! Milano - Spazio, morfologia e dotazioni materiali - CURA Lab","isPartOf":{"@id":"https:\/\/www.curalab.polimi.it\/#website"},"primaryImageOfPage":{"@id":"https:\/\/www.curalab.polimi.it\/?page_id=6510#primaryimage"},"image":{"@id":"https:\/\/www.curalab.polimi.it\/?page_id=6510#primaryimage"},"thumbnailUrl":"http:\/\/www.curalab.polimi.it\/wp-content\/uploads\/2024\/10\/matteo-spertini-1.jpg","datePublished":"2025-02-09T15:06:13+00:00","dateModified":"2025-02-09T15:10:27+00:00","breadcrumb":{"@id":"https:\/\/www.curalab.polimi.it\/?page_id=6510#breadcrumb"},"inLanguage":"en-US","potentialAction":[{"@type":"ReadAction","target":["https:\/\/www.curalab.polimi.it\/?page_id=6510"]}]},{"@type":"ImageObject","inLanguage":"en-US","@id":"https:\/\/www.curalab.polimi.it\/?page_id=6510#primaryimage","url":"https:\/\/www.curalab.polimi.it\/wp-content\/uploads\/2024\/10\/matteo-spertini-1.jpg","contentUrl":"https:\/\/www.curalab.polimi.it\/wp-content\/uploads\/2024\/10\/matteo-spertini-1.jpg","width":799,"height":599},{"@type":"BreadcrumbList","@id":"https:\/\/www.curalab.polimi.it\/?page_id=6510#breadcrumb","itemListElement":[{"@type":"ListItem","position":1,"name":"Home","item":"https:\/\/www.curalab.polimi.it\/"},{"@type":"ListItem","position":2,"name":"OMG! Milano &#8211; Spazio, morfologia e dotazioni materiali"}]},{"@type":"WebSite","@id":"https:\/\/www.curalab.polimi.it\/#website","url":"https:\/\/www.curalab.polimi.it\/","name":"CURA Lab","description":"Dipartimento di Architettura e Studi Urbani, Politecnico di Milano -                           Dipartimento di Scienze Umane per la Formazione &quot;Riccardo Massa&quot;,           Universit\u00e0 degli Studi di Milano Bicocca","publisher":{"@id":"https:\/\/www.curalab.polimi.it\/#organization"},"potentialAction":[{"@type":"SearchAction","target":{"@type":"EntryPoint","urlTemplate":"https:\/\/www.curalab.polimi.it\/?s={search_term_string}"},"query-input":{"@type":"PropertyValueSpecification","valueRequired":true,"valueName":"search_term_string"}}],"inLanguage":"en-US"},{"@type":"Organization","@id":"https:\/\/www.curalab.polimi.it\/#organization","name":"CURA Lab","url":"https:\/\/www.curalab.polimi.it\/","logo":{"@type":"ImageObject","inLanguage":"en-US","@id":"https:\/\/www.curalab.polimi.it\/#\/schema\/logo\/image\/","url":"https:\/\/www.curalab.polimi.it\/wp-content\/uploads\/2024\/07\/cropped-logocuralab2.png","contentUrl":"https:\/\/www.curalab.polimi.it\/wp-content\/uploads\/2024\/07\/cropped-logocuralab2.png","width":240,"height":112,"caption":"CURA Lab"},"image":{"@id":"https:\/\/www.curalab.polimi.it\/#\/schema\/logo\/image\/"}}]}},"_links":{"self":[{"href":"https:\/\/www.curalab.polimi.it\/index.php?rest_route=\/wp\/v2\/pages\/6510","targetHints":{"allow":["GET"]}}],"collection":[{"href":"https:\/\/www.curalab.polimi.it\/index.php?rest_route=\/wp\/v2\/pages"}],"about":[{"href":"https:\/\/www.curalab.polimi.it\/index.php?rest_route=\/wp\/v2\/types\/page"}],"author":[{"embeddable":true,"href":"https:\/\/www.curalab.polimi.it\/index.php?rest_route=\/wp\/v2\/users\/14"}],"replies":[{"embeddable":true,"href":"https:\/\/www.curalab.polimi.it\/index.php?rest_route=%2Fwp%2Fv2%2Fcomments&post=6510"}],"version-history":[{"count":6,"href":"https:\/\/www.curalab.polimi.it\/index.php?rest_route=\/wp\/v2\/pages\/6510\/revisions"}],"predecessor-version":[{"id":6531,"href":"https:\/\/www.curalab.polimi.it\/index.php?rest_route=\/wp\/v2\/pages\/6510\/revisions\/6531"}],"wp:attachment":[{"href":"https:\/\/www.curalab.polimi.it\/index.php?rest_route=%2Fwp%2Fv2%2Fmedia&parent=6510"}],"curies":[{"name":"wp","href":"https:\/\/api.w.org\/{rel}","templated":true}]}}