{"id":5864,"date":"2024-10-26T14:47:23","date_gmt":"2024-10-26T14:47:23","guid":{"rendered":"https:\/\/www.curalab.polimi.it\/?page_id=5864"},"modified":"2024-10-26T14:48:27","modified_gmt":"2024-10-26T14:48:27","slug":"omg-milano-loc-tra-esigenze-di-cambiamento-e-incertezze-progettuali","status":"publish","type":"page","link":"https:\/\/www.curalab.polimi.it\/?page_id=5864","title":{"rendered":"OMG! Milano &#8211; LOC, tra esigenze di cambiamento e incertezze progettuali"},"content":{"rendered":"\t\t<div data-elementor-type=\"wp-page\" data-elementor-id=\"5864\" class=\"elementor elementor-5864\">\n\t\t\t\t<div class=\"elementor-element elementor-element-d42c2ce e-flex e-con-boxed e-con e-parent\" data-id=\"d42c2ce\" data-element_type=\"container\" data-e-type=\"container\">\n\t\t\t\t\t<div class=\"e-con-inner\">\n\t\t\t\t<div class=\"elementor-element elementor-element-d460ee3 elementor-widget__width-initial elementor-widget elementor-widget-text-editor\" data-id=\"d460ee3\" data-element_type=\"widget\" data-e-type=\"widget\" data-widget_type=\"text-editor.default\">\n\t\t\t\t<div class=\"elementor-widget-container\">\n\t\t\t\t\t\t\t\t\t<p><strong>LOC, tra esigenze di cambiamento e incertezze progettuali <\/strong><\/p>\t\t\t\t\t\t\t\t<\/div>\n\t\t\t\t<\/div>\n\t\t\t\t\t<\/div>\n\t\t\t\t<\/div>\n\t\t<div class=\"elementor-element elementor-element-34e1e73 e-grid e-con-boxed e-con e-parent\" data-id=\"34e1e73\" data-element_type=\"container\" data-e-type=\"container\">\n\t\t\t\t\t<div class=\"e-con-inner\">\n\t\t\t\t<div class=\"elementor-element elementor-element-edae314 elementor-widget elementor-widget-text-editor\" data-id=\"edae314\" data-element_type=\"widget\" data-e-type=\"widget\" data-widget_type=\"text-editor.default\">\n\t\t\t\t<div class=\"elementor-widget-container\">\n\t\t\t\t\t\t\t\t\t<p>\u201cLoreto Open Community\u201d (LOC) \u00e8 il progetto vincitore del bando Reinventing Cities del 2021, promosso dal Comune di Milano. LOC \u00e8 stato presentato da CEETRUS Management &amp; Development Srl con CEETRUS Italia SpA (oggi Nhood).<\/p>\n<p>Il Comune di Milano ha concesso al consorzio dei proponenti un edificio all\u2019angolo con via Porpora (la ex sede della Direzione Educazione) in cambio della riqualificazione della piazza. Pi\u00f9 nello specifico, il processo di rigenerazione viene finanziato in cambio dell\u2019ampliamento di un complesso di uffici con una nuova torre e l\u2019aggiunta di volumi prevalentemente commerciali a quelli gi\u00e0 esistenti nel mezzanino della metropolitana.<\/p>\n<p>I <em>rendering<\/em> pubblicati online mostrano una piazza a pi\u00f9 livelli piena di persone che passeggiano. Grandi alberi la punteggiano, creando una sensazione di pace e tranquillit\u00e0.<\/p>\n<p>Tuttavia, il progetto non \u00e8 stato esente da critiche. In un articolo pubblicato nel maggio 2021 su una nota rivista di architettura, facendo leva sull\u2019identit\u00e0 storica della piazza, Alessandro Bonetti scrive che: \u201c[attraverso il progetto] l\u2019unit\u00e0 spaziale della piazza, cio\u00e8 la sua stessa esistenza in quanto tale, \u00e8 annullata dai volumi edilizi che la saturano e la frantumano in una molteplicit\u00e0 di superfici di statuto ambiguo. Lo spazio pubblico esiste ancora sul piano normativo e degli standard urbanistici, ma \u00e8 annientato nella sua capacit\u00e0 di funzionare come tale\u201d (Bonetti 2021).<\/p>\n<p>A prescindere dalla specifica argomentazione, \u00e8 importante notare come intorno a uno spazio pubblico cos\u00ec importante come piazzale Loreto, si coagulino narrazioni e posizionamenti antitetici.<\/p>\n<p>Gli interlocutori dichiarano di non conoscerne <strong>tempi e fasi<\/strong> di realizzazione dei lavori.<\/p>\n<p><em>Giugno 2022, note di campo<\/em><\/p>\n<p style=\"padding-left: 40px;\">A Loreto mi fermo in un\u2019edicola. Chiedo alla gestrice se sa quando partiranno i lavori. La signora risponde che non sa nulla, ma che non \u00e8 preoccupata: \u201cIl problema non sono i lavori, ma il fatto che lavoriamo sempre meno!\u201d. Crede che, ad ogni modo, il cantiere dovr\u00e0 chiudersi prima della Olimpiadi del 2026.<\/p>\n<p>Allo stesso modo, altri commercianti e residenti lamentano la totale assenza di <strong>comunicazione<\/strong>. Chi ha delle informazioni in merito al progetto le ha rintracciate in autonomia, leggendo i giornali o cercandole online.<br \/>\u201cAvete sentito parlare del progetto LOC?\u201d, chiedo a Mauro e Simona nel mese di giugno 2022.<br \/>\u201cDigitando, in giro, controllando le notizie\u201d [&#8230;], risponde Marco.<br \/>\u201cNon siamo stati messi al corrente. L\u2019abbiamo scoperto autonomamente perch\u00e9 avevamo&#8230; avevamo il sentore [&#8230;]. Alla fine l&#8217;hanno fatto e hanno tirato fuori il progetto\u201d, aggiunge Simona.<br \/>Allo stesso modo, Danilo mi spiega di aver raccolto informazioni: \u201cSul Corriere della Sera, fondamentalmente\u201d e aggiunge: \u201cNoi leggiamo tutti i giorni il Corriere. Poi, quando c\u2019\u00e8 qualcosa che mi interessa, magari vado ad approfondire la conoscenza su internet\u201d (giugno 2022).<\/p>\n<p>Oppure Jos\u00e9: \u201cIo non so nulla di questo progetto. Ho dovuto guardare su internet, nessuno ci ha comunicato nulla\u201d (luglio 2022).<\/p>\n<p>Un progettista della cordata vincitrice del bando con cui ho avuto modo di confrontarmi mi descrive il processo di analisi territoriale avviato, soffermandosi sulla questione della <strong>partecipazione<\/strong>: \u201cQuel bando ti chiedeva di rispettare molti criteri sulla progettazione ambientale e qualche criterio sul coinvolgimento della comunit\u00e0. Quindi il dossier di candidatura progettuale si portava dietro una forte attenzione alla progettazione sulla qualit\u00e0 dello spazio pubblico e sul verde, sulle questioni di carattere energetico, le emissioni di CO2, con molti criteri e la necessit\u00e0 per i progettisti, per la cordata, di dotarsi di una strategia di coinvolgimento del territorio. [&#8230;] Noi facciamo una parte \u00ableggera\u00bb di analisi del territorio e una parte un po\u2019 pi\u00f9 importante di ascolto e coinvolgimento del territorio. Perch\u00e9 sostanzialmente quello che ci hanno chiesto [gli sviluppatori] \u00e8 aiutarci a capire come sono fatti i quartieri intorno a Loreto, quali preoccupazioni esprimono gli abitanti dei quartieri e le organizzazioni pi\u00f9 rappresentative sulla situazione sul quartiere e sulla trasformazione della piazza. Poi ci hanno chiesto di immaginare una strategia di coinvolgimento di questi attori durante il cantiere\u201d.<\/p>\n<p>Il progetto ha quindi preventivato forme di partecipazione a lavori avviati, che presumibilmente avranno lo scopo di informare la popolazione. A questo proposito, \u00e8 interessante citare la posizione di un urbanista del Politecnico con cui ho avuto modo di confrontarmi nel mese di luglio 2022 secondo cui, nell\u2019ambito dei grandi progetti di trasformazione urbana, la partecipazione \u00e8 spesso una dimensione evocata, ma poco praticata nel concreto. Tali progetti hanno in realt\u00e0 minimi margini di rielaborazione e ridiscussione.<\/p>\t\t\t\t\t\t\t\t<\/div>\n\t\t\t\t<\/div>\n\t\t<div class=\"elementor-element elementor-element-cca9282 e-con-full e-flex e-con e-child\" data-id=\"cca9282\" data-element_type=\"container\" data-e-type=\"container\">\n\t\t\t\t<div class=\"elementor-element elementor-element-25b8060 elementor-widget elementor-widget-image\" data-id=\"25b8060\" data-element_type=\"widget\" data-e-type=\"widget\" data-widget_type=\"image.default\">\n\t\t\t\t<div class=\"elementor-widget-container\">\n\t\t\t\t\t\t\t\t\t\t\t\t\t\t\t<img fetchpriority=\"high\" decoding=\"async\" width=\"799\" height=\"599\" src=\"https:\/\/www.curalab.polimi.it\/wp-content\/uploads\/2024\/10\/matteo-spertini-3.jpg\" class=\"attachment-large size-large wp-image-5788\" alt=\"\" srcset=\"https:\/\/www.curalab.polimi.it\/wp-content\/uploads\/2024\/10\/matteo-spertini-3.jpg 799w, https:\/\/www.curalab.polimi.it\/wp-content\/uploads\/2024\/10\/matteo-spertini-3-300x225.jpg 300w, https:\/\/www.curalab.polimi.it\/wp-content\/uploads\/2024\/10\/matteo-spertini-3-768x576.jpg 768w\" sizes=\"(max-width: 799px) 85vw, 799px\" \/>\t\t\t\t\t\t\t\t\t\t\t\t\t\t\t<\/div>\n\t\t\t\t<\/div>\n\t\t\t\t<div class=\"elementor-element elementor-element-39b66fa elementor-widget elementor-widget-text-editor\" data-id=\"39b66fa\" data-element_type=\"widget\" data-e-type=\"widget\" data-widget_type=\"text-editor.default\">\n\t\t\t\t<div class=\"elementor-widget-container\">\n\t\t\t\t\t\t\t\t\t<p style=\"text-align: center;\"><em>Copyright Matteo Spertini<\/em><\/p>\t\t\t\t\t\t\t\t<\/div>\n\t\t\t\t<\/div>\n\t\t\t\t<div class=\"elementor-element elementor-element-7783b8d elementor-widget elementor-widget-text-editor\" data-id=\"7783b8d\" data-element_type=\"widget\" data-e-type=\"widget\" data-widget_type=\"text-editor.default\">\n\t\t\t\t<div class=\"elementor-widget-container\">\n\t\t\t\t\t\t\t\t\t<p>Gli interlocutori si rendono conto di questo aspetto, ma, come gi\u00e0 messo in evidenza, ritengono che qualsiasi azione non potr\u00e0 che <strong>migliorare<\/strong> la situazione attuale della piazza. Mauro, ad esempio, sostiene: \u201c\u00c8 un cambiamento totalmente positivo. Fare peggio di come \u00e8 adesso \u00e8 difficile, veramente difficile. Perch\u00e9 come dicevamo prima, \u00e8 una rotonda\u201d (giugno 2022).<\/p>\n<p>Un ricercatore sociale intervistato a luglio 2022 afferma: \u201cQuesta \u00e8 una zona che paga molto il fatto di non avere un parco pubblico vicino. Si sa che il Trotter non \u00e8 un vero parco pubblico. Lo \u00e8 dalle 16:00 in poi [&#8230;]. Durante la settimana in realt\u00e0 \u00e8 chiuso e si paga molto lo scotto di ci\u00f2 in quest&#8217;area. Da un lato c&#8217;\u00e8 questo blocco molto forte della stazione, quasi insuperabile. S\u00ec, c&#8217;\u00e8 l&#8217;accesso alla Martesana che per\u00f2 passa per un sottopasso molto brutto. Per esempio la mia compagna non lo fa mai volentieri e non lo farebbe sicuramente in orari serali. Mi immagino che piazzale Loreto diventer\u00e0 un altro spazio pubblico. Mio figlio forse lo utilizzer\u00e0 come luogo di ritrovo quando sar\u00e0 adolescente\u201d.<\/p>\n<p>Infine, un altro residente anziano: \u201cBeh la piazza cos\u00ec non la possono lasciare di sicuro, con quell\u2019erba secca che c\u2019\u00e8. Ha presente&#8230; io la vedo adesso mentre sto parlando, perch\u00e9 abito all\u2019ottavo piano e ho un balcone che d\u00e0 sulla piazza, ho la prospettiva della piazza completa. In mezzo alla piazza e anche in due parti laterali c\u2019erano quelle specie di canne. Adesso c\u2019\u00e8 solo della roba secca. Cos\u00ec sicuramente non lo possono lasciare. Probabilmente non faranno niente finch\u00e9 non inizieranno i lavori. Adesso \u00e8 uno spazio indegno, dove la gente va a fare i suoi bisogni\u201d (settembre 2022).<\/p>\n<p>D\u2019altro canto, alcuni interlocutori ritengono che la rigenerazione della piazza possa costituire un\u2019ulteriore fase lungo il processo di <strong>gentrificazione<\/strong> in atto. Giovanna, operatrice del centro Mosso si interroga sul ruolo che avranno da questo punto di vista i nuovi esercizi commerciali che si insedieranno nell\u2019area: \u201cIl problema \u00e8 che costruendo tutti questi spazi commerciali non so dove andremo a finire. La mia tesi di laurea era proprio sul tema del commercio come occasione per costruire delle politiche pubbliche, [&#8230;]. Mi riferisco al piccolo commercio, oppure a come la grande distribuzione possa offrire servizi, servizi di prossimit\u00e0, come sta facendo ad esempio Decathlon in corso Buenos Aires, che ha una ciclofficina\u201d (settembre 2022). Di nuovo, si tratta di capire come una grande trasformazione come quella di piazzale Loreto possa rispondere alle esigenze degli strati di popolazione pi\u00f9 fragili, o come rischi al contrario di tagliarle fuori da processi di sviluppo urbani pi\u00f9 ampi.<\/p>\n<p>Allo stato attuale, il progetto LOC non sembra far leva su una dimensione storica. Non \u00e8 stato previsto un memoriale della strage nazifascista del 10 agosto del 1944, n\u00e9 l\u2019indicazione del luogo in cui \u00e8 stato esposto il corpo di Benito Mussolini. Un progettista della cordata vincitrice del bando ha parlato dell\u2019ipotesi di realizzare un monumento \u201cpi\u00f9 inclusivo\u201d, ad esempio sul tema dei diritti umani, senza rimandi specifici alla storia nazionale.<\/p>\n<p>(Il testo, elaborato da Paolo Grassi, \u00e8 tratto dal report del progetto \u201cRiqualificazione green di aree urbane dismesse. Un approccio etnografico e comparativo all\u2019analisi e alla realizzazione (2022-2023)\u201d \u2013 fondi PON \u00abRicerca e Innovazione\u00bb 2014-2020 \u2013 Asse IV \u00abIstruzione e ricerca per il recupero\u00bb. Azione IV.6; Dipartimento di Scienze Umane per la Formazione \u201cR. Massa\u201d, Universit\u00e0 degli Studi di Milano-Bicocca).<\/p>\t\t\t\t\t\t\t\t<\/div>\n\t\t\t\t<\/div>\n\t\t\t\t<\/div>\n\t\t\t\t\t<\/div>\n\t\t\t\t<\/div>\n\t\t\t\t<\/div>\n\t\t","protected":false},"excerpt":{"rendered":"<p>LOC, tra esigenze di cambiamento e incertezze progettuali \u201cLoreto Open Community\u201d (LOC) \u00e8 il progetto vincitore del bando Reinventing Cities del 2021, promosso dal Comune di Milano. LOC \u00e8 stato presentato da CEETRUS Management &amp; Development Srl con CEETRUS Italia SpA (oggi Nhood). Il Comune di Milano ha concesso al consorzio dei proponenti un edificio &hellip; <a href=\"https:\/\/www.curalab.polimi.it\/?page_id=5864\" class=\"more-link\">Continue reading<span class=\"screen-reader-text\"> &#8220;OMG! Milano &#8211; LOC, tra esigenze di cambiamento e incertezze progettuali&#8221;<\/span><\/a><\/p>\n","protected":false},"author":12,"featured_media":0,"parent":0,"menu_order":0,"comment_status":"closed","ping_status":"closed","template":"elementor_header_footer","meta":{"footnotes":""},"class_list":["post-5864","page","type-page","status-publish","hentry"],"yoast_head":"<!-- This site is optimized with the Yoast SEO plugin v27.4 - https:\/\/yoast.com\/product\/yoast-seo-wordpress\/ -->\n<title>OMG! Milano - LOC, tra esigenze di cambiamento e incertezze progettuali - CURA Lab<\/title>\n<meta name=\"robots\" content=\"index, follow, max-snippet:-1, max-image-preview:large, max-video-preview:-1\" \/>\n<link rel=\"canonical\" href=\"https:\/\/www.curalab.polimi.it\/?page_id=5864\" \/>\n<meta property=\"og:locale\" content=\"en_US\" \/>\n<meta property=\"og:type\" content=\"article\" \/>\n<meta property=\"og:title\" content=\"OMG! Milano - LOC, tra esigenze di cambiamento e incertezze progettuali - CURA Lab\" \/>\n<meta property=\"og:description\" content=\"LOC, tra esigenze di cambiamento e incertezze progettuali \u201cLoreto Open Community\u201d (LOC) \u00e8 il progetto vincitore del bando Reinventing Cities del 2021, promosso dal Comune di Milano. LOC \u00e8 stato presentato da CEETRUS Management &amp; Development Srl con CEETRUS Italia SpA (oggi Nhood). Il Comune di Milano ha concesso al consorzio dei proponenti un edificio &hellip; Continue reading &quot;OMG! Milano &#8211; LOC, tra esigenze di cambiamento e incertezze progettuali&quot;\" \/>\n<meta property=\"og:url\" content=\"https:\/\/www.curalab.polimi.it\/?page_id=5864\" \/>\n<meta property=\"og:site_name\" content=\"CURA Lab\" \/>\n<meta property=\"article:modified_time\" content=\"2024-10-26T14:48:27+00:00\" \/>\n<meta property=\"og:image\" content=\"http:\/\/www.curalab.polimi.it\/wp-content\/uploads\/2024\/10\/matteo-spertini-3.jpg\" \/>\n<meta name=\"twitter:card\" content=\"summary_large_image\" \/>\n<meta name=\"twitter:label1\" content=\"Est. reading time\" \/>\n\t<meta name=\"twitter:data1\" content=\"6 minutes\" \/>\n<script type=\"application\/ld+json\" class=\"yoast-schema-graph\">{\"@context\":\"https:\\\/\\\/schema.org\",\"@graph\":[{\"@type\":\"WebPage\",\"@id\":\"https:\\\/\\\/www.curalab.polimi.it\\\/?page_id=5864\",\"url\":\"https:\\\/\\\/www.curalab.polimi.it\\\/?page_id=5864\",\"name\":\"OMG! Milano - LOC, tra esigenze di cambiamento e incertezze progettuali - CURA Lab\",\"isPartOf\":{\"@id\":\"https:\\\/\\\/www.curalab.polimi.it\\\/#website\"},\"primaryImageOfPage\":{\"@id\":\"https:\\\/\\\/www.curalab.polimi.it\\\/?page_id=5864#primaryimage\"},\"image\":{\"@id\":\"https:\\\/\\\/www.curalab.polimi.it\\\/?page_id=5864#primaryimage\"},\"thumbnailUrl\":\"http:\\\/\\\/www.curalab.polimi.it\\\/wp-content\\\/uploads\\\/2024\\\/10\\\/matteo-spertini-3.jpg\",\"datePublished\":\"2024-10-26T14:47:23+00:00\",\"dateModified\":\"2024-10-26T14:48:27+00:00\",\"breadcrumb\":{\"@id\":\"https:\\\/\\\/www.curalab.polimi.it\\\/?page_id=5864#breadcrumb\"},\"inLanguage\":\"en-US\",\"potentialAction\":[{\"@type\":\"ReadAction\",\"target\":[\"https:\\\/\\\/www.curalab.polimi.it\\\/?page_id=5864\"]}]},{\"@type\":\"ImageObject\",\"inLanguage\":\"en-US\",\"@id\":\"https:\\\/\\\/www.curalab.polimi.it\\\/?page_id=5864#primaryimage\",\"url\":\"http:\\\/\\\/www.curalab.polimi.it\\\/wp-content\\\/uploads\\\/2024\\\/10\\\/matteo-spertini-3.jpg\",\"contentUrl\":\"http:\\\/\\\/www.curalab.polimi.it\\\/wp-content\\\/uploads\\\/2024\\\/10\\\/matteo-spertini-3.jpg\"},{\"@type\":\"BreadcrumbList\",\"@id\":\"https:\\\/\\\/www.curalab.polimi.it\\\/?page_id=5864#breadcrumb\",\"itemListElement\":[{\"@type\":\"ListItem\",\"position\":1,\"name\":\"Home\",\"item\":\"https:\\\/\\\/www.curalab.polimi.it\\\/\"},{\"@type\":\"ListItem\",\"position\":2,\"name\":\"OMG! Milano &#8211; LOC, tra esigenze di cambiamento e incertezze progettuali\"}]},{\"@type\":\"WebSite\",\"@id\":\"https:\\\/\\\/www.curalab.polimi.it\\\/#website\",\"url\":\"https:\\\/\\\/www.curalab.polimi.it\\\/\",\"name\":\"CURA Lab\",\"description\":\"Dipartimento di Architettura e Studi Urbani, Politecnico di Milano -                           Dipartimento di Scienze Umane per la Formazione &quot;Riccardo Massa&quot;,           Universit\u00e0 degli Studi di Milano Bicocca\",\"publisher\":{\"@id\":\"https:\\\/\\\/www.curalab.polimi.it\\\/#organization\"},\"potentialAction\":[{\"@type\":\"SearchAction\",\"target\":{\"@type\":\"EntryPoint\",\"urlTemplate\":\"https:\\\/\\\/www.curalab.polimi.it\\\/?s={search_term_string}\"},\"query-input\":{\"@type\":\"PropertyValueSpecification\",\"valueRequired\":true,\"valueName\":\"search_term_string\"}}],\"inLanguage\":\"en-US\"},{\"@type\":\"Organization\",\"@id\":\"https:\\\/\\\/www.curalab.polimi.it\\\/#organization\",\"name\":\"CURA Lab\",\"url\":\"https:\\\/\\\/www.curalab.polimi.it\\\/\",\"logo\":{\"@type\":\"ImageObject\",\"inLanguage\":\"en-US\",\"@id\":\"https:\\\/\\\/www.curalab.polimi.it\\\/#\\\/schema\\\/logo\\\/image\\\/\",\"url\":\"https:\\\/\\\/www.curalab.polimi.it\\\/wp-content\\\/uploads\\\/2024\\\/07\\\/cropped-logocuralab2.png\",\"contentUrl\":\"https:\\\/\\\/www.curalab.polimi.it\\\/wp-content\\\/uploads\\\/2024\\\/07\\\/cropped-logocuralab2.png\",\"width\":240,\"height\":112,\"caption\":\"CURA Lab\"},\"image\":{\"@id\":\"https:\\\/\\\/www.curalab.polimi.it\\\/#\\\/schema\\\/logo\\\/image\\\/\"}}]}<\/script>\n<!-- \/ Yoast SEO plugin. -->","yoast_head_json":{"title":"OMG! Milano - LOC, tra esigenze di cambiamento e incertezze progettuali - CURA Lab","robots":{"index":"index","follow":"follow","max-snippet":"max-snippet:-1","max-image-preview":"max-image-preview:large","max-video-preview":"max-video-preview:-1"},"canonical":"https:\/\/www.curalab.polimi.it\/?page_id=5864","og_locale":"en_US","og_type":"article","og_title":"OMG! Milano - LOC, tra esigenze di cambiamento e incertezze progettuali - CURA Lab","og_description":"LOC, tra esigenze di cambiamento e incertezze progettuali \u201cLoreto Open Community\u201d (LOC) \u00e8 il progetto vincitore del bando Reinventing Cities del 2021, promosso dal Comune di Milano. LOC \u00e8 stato presentato da CEETRUS Management &amp; Development Srl con CEETRUS Italia SpA (oggi Nhood). Il Comune di Milano ha concesso al consorzio dei proponenti un edificio &hellip; Continue reading \"OMG! Milano &#8211; LOC, tra esigenze di cambiamento e incertezze progettuali\"","og_url":"https:\/\/www.curalab.polimi.it\/?page_id=5864","og_site_name":"CURA Lab","article_modified_time":"2024-10-26T14:48:27+00:00","og_image":[{"url":"http:\/\/www.curalab.polimi.it\/wp-content\/uploads\/2024\/10\/matteo-spertini-3.jpg","type":"","width":"","height":""}],"twitter_card":"summary_large_image","twitter_misc":{"Est. reading time":"6 minutes"},"schema":{"@context":"https:\/\/schema.org","@graph":[{"@type":"WebPage","@id":"https:\/\/www.curalab.polimi.it\/?page_id=5864","url":"https:\/\/www.curalab.polimi.it\/?page_id=5864","name":"OMG! Milano - LOC, tra esigenze di cambiamento e incertezze progettuali - CURA Lab","isPartOf":{"@id":"https:\/\/www.curalab.polimi.it\/#website"},"primaryImageOfPage":{"@id":"https:\/\/www.curalab.polimi.it\/?page_id=5864#primaryimage"},"image":{"@id":"https:\/\/www.curalab.polimi.it\/?page_id=5864#primaryimage"},"thumbnailUrl":"http:\/\/www.curalab.polimi.it\/wp-content\/uploads\/2024\/10\/matteo-spertini-3.jpg","datePublished":"2024-10-26T14:47:23+00:00","dateModified":"2024-10-26T14:48:27+00:00","breadcrumb":{"@id":"https:\/\/www.curalab.polimi.it\/?page_id=5864#breadcrumb"},"inLanguage":"en-US","potentialAction":[{"@type":"ReadAction","target":["https:\/\/www.curalab.polimi.it\/?page_id=5864"]}]},{"@type":"ImageObject","inLanguage":"en-US","@id":"https:\/\/www.curalab.polimi.it\/?page_id=5864#primaryimage","url":"http:\/\/www.curalab.polimi.it\/wp-content\/uploads\/2024\/10\/matteo-spertini-3.jpg","contentUrl":"http:\/\/www.curalab.polimi.it\/wp-content\/uploads\/2024\/10\/matteo-spertini-3.jpg"},{"@type":"BreadcrumbList","@id":"https:\/\/www.curalab.polimi.it\/?page_id=5864#breadcrumb","itemListElement":[{"@type":"ListItem","position":1,"name":"Home","item":"https:\/\/www.curalab.polimi.it\/"},{"@type":"ListItem","position":2,"name":"OMG! Milano &#8211; LOC, tra esigenze di cambiamento e incertezze progettuali"}]},{"@type":"WebSite","@id":"https:\/\/www.curalab.polimi.it\/#website","url":"https:\/\/www.curalab.polimi.it\/","name":"CURA Lab","description":"Dipartimento di Architettura e Studi Urbani, Politecnico di Milano -                           Dipartimento di Scienze Umane per la Formazione &quot;Riccardo Massa&quot;,           Universit\u00e0 degli Studi di Milano Bicocca","publisher":{"@id":"https:\/\/www.curalab.polimi.it\/#organization"},"potentialAction":[{"@type":"SearchAction","target":{"@type":"EntryPoint","urlTemplate":"https:\/\/www.curalab.polimi.it\/?s={search_term_string}"},"query-input":{"@type":"PropertyValueSpecification","valueRequired":true,"valueName":"search_term_string"}}],"inLanguage":"en-US"},{"@type":"Organization","@id":"https:\/\/www.curalab.polimi.it\/#organization","name":"CURA Lab","url":"https:\/\/www.curalab.polimi.it\/","logo":{"@type":"ImageObject","inLanguage":"en-US","@id":"https:\/\/www.curalab.polimi.it\/#\/schema\/logo\/image\/","url":"https:\/\/www.curalab.polimi.it\/wp-content\/uploads\/2024\/07\/cropped-logocuralab2.png","contentUrl":"https:\/\/www.curalab.polimi.it\/wp-content\/uploads\/2024\/07\/cropped-logocuralab2.png","width":240,"height":112,"caption":"CURA Lab"},"image":{"@id":"https:\/\/www.curalab.polimi.it\/#\/schema\/logo\/image\/"}}]}},"_links":{"self":[{"href":"https:\/\/www.curalab.polimi.it\/index.php?rest_route=\/wp\/v2\/pages\/5864","targetHints":{"allow":["GET"]}}],"collection":[{"href":"https:\/\/www.curalab.polimi.it\/index.php?rest_route=\/wp\/v2\/pages"}],"about":[{"href":"https:\/\/www.curalab.polimi.it\/index.php?rest_route=\/wp\/v2\/types\/page"}],"author":[{"embeddable":true,"href":"https:\/\/www.curalab.polimi.it\/index.php?rest_route=\/wp\/v2\/users\/12"}],"replies":[{"embeddable":true,"href":"https:\/\/www.curalab.polimi.it\/index.php?rest_route=%2Fwp%2Fv2%2Fcomments&post=5864"}],"version-history":[{"count":6,"href":"https:\/\/www.curalab.polimi.it\/index.php?rest_route=\/wp\/v2\/pages\/5864\/revisions"}],"predecessor-version":[{"id":6594,"href":"https:\/\/www.curalab.polimi.it\/index.php?rest_route=\/wp\/v2\/pages\/5864\/revisions\/6594"}],"wp:attachment":[{"href":"https:\/\/www.curalab.polimi.it\/index.php?rest_route=%2Fwp%2Fv2%2Fmedia&parent=5864"}],"curies":[{"name":"wp","href":"https:\/\/api.w.org\/{rel}","templated":true}]}}